{"id":5092,"date":"2024-11-10T15:41:00","date_gmt":"2024-11-10T15:41:00","guid":{"rendered":"https:\/\/zenandart.pt\/?post_type=apartment&#038;p=5092"},"modified":"2026-04-23T17:28:20","modified_gmt":"2026-04-23T16:28:20","slug":"antonio-macedo","status":"publish","type":"apartment","link":"https:\/\/zenandart.pt\/fr\/chambres\/antonio-macedo\/","title":{"rendered":"Ant\u00f3nio Macedo . Pintor"},"content":{"rendered":"<div data-elementor-type=\"wp-post\" data-elementor-id=\"5092\" class=\"elementor elementor-5092\">\n\t\t\t\t\t\t<section class=\"elementor-section elementor-top-section elementor-element elementor-element-a16e4ca elementor-section-stretched elementor-section-content-middle elementor-section-boxed elementor-section-height-default elementor-section-height-default\" data-id=\"a16e4ca\" data-element_type=\"section\" data-settings='{\"stretch_section\":\"section-stretched\"}'>\n\t\t\t\t\t\t<div class=\"elementor-container elementor-column-gap-extended\">\n\t\t\t\t\t<div class=\"elementor-column elementor-col-50 elementor-top-column elementor-element elementor-element-3558f69 elementor-invisible\" data-id=\"3558f69\" data-element_type=\"column\" data-settings='{\"animation\":\"slide-up\"}'>\n\t\t\t<div class=\"elementor-widget-wrap elementor-element-populated\">\n\t\t\t\t\t\t<div class=\"elementor-element elementor-element-cc58d4c elementor-widget elementor-widget-image\" data-id=\"cc58d4c\" data-element_type=\"widget\" data-widget_type=\"image.default\">\n\t\t\t\t<div class=\"elementor-widget-container\">\n\t\t\t\t\t\t\t\t\t\t\t\t\t<img decoding=\"async\" src=\"https:\/\/zenandart.pt\/wp-content\/uploads\/elementor\/thumbs\/quarto-pintor-antonio-macedo-v05-rfg2w8slnl28u0hn8hexjk2jai1ggjrj0zm7bto2uo.jpg\" title=\"room-painter-antonio-macedo-v05\" alt=\"Zen &amp; Art - Salle de peinture d&#039;Ant\u00f3nio Macedo\" loading=\"lazy\">\t\t\t\t\t\t\t\t\t\t\t\t\t<\/div>\n\t\t\t\t<\/div>\n\t\t\t\t\t<\/div>\n\t\t<\/div>\n\t\t\t\t<div class=\"elementor-column elementor-col-50 elementor-top-column elementor-element elementor-element-dc85705 elementor-invisible\" data-id=\"dc85705\" data-element_type=\"column\" data-settings='{\"animation\":\"slide-up\",\"animation_delay\":200}'>\n\t\t\t<div class=\"elementor-widget-wrap elementor-element-populated\">\n\t\t\t\t\t\t<div class=\"elementor-element elementor-element-c8762f3 elementor-widget elementor-widget-heading\" data-id=\"c8762f3\" data-element_type=\"widget\" data-widget_type=\"heading.default\">\n\t\t\t\t<div class=\"elementor-widget-container\">\n\t\t\t<h1 class=\"elementor-heading-title elementor-size-default\">Antonio <span class=\"text-theme\">Macedo<\/span><\/h1>\t\t<\/div>\n\t\t\t\t<\/div>\n\t\t\t\t<div class=\"elementor-element elementor-element-7bd1104 elementor-widget elementor-widget-text-editor\" data-id=\"7bd1104\" data-element_type=\"widget\" data-widget_type=\"text-editor.default\">\n\t\t\t\t<div class=\"elementor-widget-container\">\n\t\t\t\t\t\t\t<p>Con\u00e7ue par le c\u00e9l\u00e8bre peintre Ant\u00f3nio Macedo, la chambre r\u00e9v\u00e8le le caract\u00e8re et la vision artistique du ma\u00eetre, combinant une s\u00e9r\u00e9nit\u00e9 neutre avec des couleurs et des notes minutieuses qui capturent son essence cr\u00e9ative.<\/p><p>Surplombant le ch\u00e2teau de Santa Maria da Feira, cette chambre offre une fusion parfaite de l'\u00e9l\u00e9gance et de l'inspiration artistique, offrant une atmosph\u00e8re intime et charmante o\u00f9 la simplicit\u00e9 rencontre la sophistication.<\/p><p>Il comprend l'acc\u00e8s \u00e0 tous les \u00e9quipements et espaces communs : parking priv\u00e9, bar, piscine ext\u00e9rieure, jacuzzi, terrasse, chemin\u00e9e int\u00e9rieure et ext\u00e9rieure, salle de lecture, entre autres.<\/p><p>R\u00e9server par t\u00e9l\u00e9phone <a href=\"tel:00351968417877\" data-umami-event=\"link:+351 968 417 877\" data-umami-event-url=\"tel:00351968417877\">+351 968 417 877<\/a> ou en ligne en utilisant le bouton ci-dessous :<\/p>\t\t\t\t\t\t<\/div>\n\t\t\t\t<\/div>\n\t\t\t\t<div class=\"elementor-element elementor-element-19eca3e elementor-widget elementor-widget-button\" data-id=\"19eca3e\" data-element_type=\"widget\" data-widget_type=\"button.default\">\n\t\t\t\t<div class=\"elementor-widget-container\">\n\t\t\t\t\t\t\t<div class=\"elementor-button-wrapper\">\n\t\t\t\t\t<a class=\"elementor-button elementor-button-link elementor-size-sm\" href=\"https:\/\/booking.roomraccoon.pt\/zen-and-art\/en\/\" rel=\"noopener\" data-umami-event=\"link:RESERVAR ONLINE\" data-umami-event-url=\"https:\/\/booking.roomraccoon.pt\/zen-and-art\/\">\n\t\t\t\t\t\t<span class=\"elementor-button-content-wrapper\">\n\t\t\t\t\t\t\t\t\t<span class=\"elementor-button-text\">LIVRE EN LIGNE<\/span>\n\t\t\t\t\t<\/span>\n\t\t\t\t\t<\/a>\n\t\t\t\t<\/div>\n\t\t\t\t\t\t<\/div>\n\t\t\t\t<\/div>\n\t\t\t\t\t<\/div>\n\t\t<\/div>\n\t\t\t\t\t<\/div>\n\t\t<\/section>\n\t\t\t\t<section class=\"elementor-section elementor-top-section elementor-element elementor-element-ab9fbfb elementor-section-stretched row-margin-left elementor-section-boxed elementor-section-height-default elementor-section-height-default\" data-id=\"ab9fbfb\" data-element_type=\"section\" data-settings='{\"stretch_section\":\"section-stretched\",\"background_background\":\"classic\"}'>\n\t\t\t\t\t\t<div class=\"elementor-container elementor-column-gap-extended\">\n\t\t\t\t\t<div class=\"elementor-column elementor-col-100 elementor-top-column elementor-element elementor-element-edbba7c\" data-id=\"edbba7c\" data-element_type=\"column\">\n\t\t\t<div class=\"elementor-widget-wrap elementor-element-populated\">\n\t\t\t\t\t\t<div class=\"elementor-element elementor-element-6466268 elementor-invisible elementor-widget elementor-widget-apus_element_gallery\" data-id=\"6466268\" data-element_type=\"widget\" data-settings='{\"columns\":\"3\",\"slides_to_scroll\":\"1\",\"_animation\":\"slide-up\"}' data-widget_type=\"apus_element_gallery.default\">\n\t\t\t\t<div class=\"elementor-widget-container\">\n\t\t\t            <div class=\"widget-gallery-images  style2\">\n                \n                <div class=\"slick-carousel fullscreen\" data-items=\"3\" data-large=\"2\" data-medium=\"2\" data-small=\"1\" data-smallest=\"1\" data-slidestoscroll=\"1\" data-slidestoscroll_large=\"1\" data-slidestoscroll_medium=\"1\" data-slidestoscroll_small=\"1\" data-slidestoscroll_smallest=\"1\" data-pagination=\"false\" data-nav=\"true\">\n                                              \n                            <div class=\"item\">\n                                <div class=\"image-item position-relative\">\n                                    \n                                                                        <a class=\"d-block position-relative action-img\" href=\"https:\/\/zenandart.pt\/wp-content\/uploads\/quarto-pintor-antonio-macedo-v2-04.jpg\" data-elementor-lightbox-slideshow=\"nerf-gallery-1801\" data-umami-event=\"link_click\" data-umami-event-url=\"https:\/\/zenandart.pt\/wp-content\/uploads\/quarto-pintor-antonio-macedo-v2-04.jpg\">\n                                        <img decoding=\"async\" src=\"https:\/\/zenandart.pt\/wp-content\/uploads\/quarto-pintor-antonio-macedo-v2-04.jpg\" alt=\"Image\" title=\"\">\n                                    <\/a>\n                                                                    <\/div>\n                            <\/div>\n                                                                      \n                            <div class=\"item\">\n                                <div class=\"image-item position-relative\">\n                                    \n                                                                        <a class=\"d-block position-relative action-img\" href=\"https:\/\/zenandart.pt\/wp-content\/uploads\/quarto-pintor-antonio-macedo-v01.jpg\" data-elementor-lightbox-slideshow=\"nerf-gallery-1801\" data-umami-event=\"link_click\" data-umami-event-url=\"https:\/\/zenandart.pt\/wp-content\/uploads\/quarto-pintor-antonio-macedo-v01.jpg\">\n                                        <img decoding=\"async\" src=\"https:\/\/zenandart.pt\/wp-content\/uploads\/quarto-pintor-antonio-macedo-v01.jpg\" alt=\"Image\" title=\"\">\n                                    <\/a>\n                                                                    <\/div>\n                            <\/div>\n                                                                      \n                            <div class=\"item\">\n                                <div class=\"image-item position-relative\">\n                                    \n                                                                        <a class=\"d-block position-relative action-img\" href=\"https:\/\/zenandart.pt\/wp-content\/uploads\/quarto-pintor-antonio-macedo-v2-03.jpg\" data-elementor-lightbox-slideshow=\"nerf-gallery-1801\" data-umami-event=\"link_click\" data-umami-event-url=\"https:\/\/zenandart.pt\/wp-content\/uploads\/quarto-pintor-antonio-macedo-v2-03.jpg\">\n                                        <img decoding=\"async\" src=\"https:\/\/zenandart.pt\/wp-content\/uploads\/quarto-pintor-antonio-macedo-v2-03.jpg\" alt=\"Image\" title=\"\">\n                                    <\/a>\n                                                                    <\/div>\n                            <\/div>\n                                                                      \n                            <div class=\"item\">\n                                <div class=\"image-item position-relative\">\n                                    \n                                                                        <a class=\"d-block position-relative action-img\" href=\"https:\/\/zenandart.pt\/wp-content\/uploads\/quarto-pintor-antonio-macedo-v2-02.jpg\" data-elementor-lightbox-slideshow=\"nerf-gallery-1801\" data-umami-event=\"link_click\" data-umami-event-url=\"https:\/\/zenandart.pt\/wp-content\/uploads\/quarto-pintor-antonio-macedo-v2-02.jpg\">\n                                        <img decoding=\"async\" src=\"https:\/\/zenandart.pt\/wp-content\/uploads\/quarto-pintor-antonio-macedo-v2-02.jpg\" alt=\"Image\" title=\"\">\n                                    <\/a>\n                                                                    <\/div>\n                            <\/div>\n                                                                      \n                            <div class=\"item\">\n                                <div class=\"image-item position-relative\">\n                                    \n                                                                        <a class=\"d-block position-relative action-img\" href=\"https:\/\/zenandart.pt\/wp-content\/uploads\/1305-a.jpg\" data-elementor-lightbox-slideshow=\"nerf-gallery-1801\" data-umami-event=\"link_click\" data-umami-event-url=\"https:\/\/zenandart.pt\/wp-content\/uploads\/1305-a.jpg\">\n                                        <img decoding=\"async\" src=\"https:\/\/zenandart.pt\/wp-content\/uploads\/1305-a.jpg\" alt=\"Image\" title=\"\">\n                                    <\/a>\n                                                                    <\/div>\n                            <\/div>\n                                                                      \n                            <div class=\"item\">\n                                <div class=\"image-item position-relative\">\n                                    \n                                                                        <a class=\"d-block position-relative action-img\" href=\"https:\/\/zenandart.pt\/wp-content\/uploads\/antonio-macedo.jpg\" data-elementor-lightbox-slideshow=\"nerf-gallery-1801\" data-umami-event=\"link_click\" data-umami-event-url=\"https:\/\/zenandart.pt\/wp-content\/uploads\/antonio-macedo.jpg\">\n                                        <img decoding=\"async\" src=\"https:\/\/zenandart.pt\/wp-content\/uploads\/antonio-macedo.jpg\" alt=\"Image\" title=\"\">\n                                    <\/a>\n                                                                    <\/div>\n                            <\/div>\n                                                            <\/div>\n            <\/div>\n            \t\t<\/div>\n\t\t\t\t<\/div>\n\t\t\t\t\t<\/div>\n\t\t<\/div>\n\t\t\t\t\t<\/div>\n\t\t<\/section>\n\t\t\t\t<section class=\"elementor-section elementor-top-section elementor-element elementor-element-3255a6b elementor-section-stretched elementor-section-boxed elementor-section-height-default elementor-section-height-default\" data-id=\"3255a6b\" data-element_type=\"section\" data-settings='{\"background_background\":\"classic\",\"stretch_section\":\"section-stretched\"}'>\n\t\t\t\t\t\t<div class=\"elementor-container elementor-column-gap-no\">\n\t\t\t\t\t<div class=\"elementor-column elementor-col-100 elementor-top-column elementor-element elementor-element-a536aab\" data-id=\"a536aab\" data-element_type=\"column\" data-settings='{\"background_background\":\"classic\"}'>\n\t\t\t<div class=\"elementor-widget-wrap elementor-element-populated\">\n\t\t\t\t\t\t<section class=\"elementor-section elementor-inner-section elementor-element elementor-element-3ee3e55 elementor-section-boxed elementor-section-height-default elementor-section-height-default elementor-invisible\" data-id=\"3ee3e55\" data-element_type=\"section\" data-settings='{\"animation\":\"slide-up\"}'>\n\t\t\t\t\t\t<div class=\"elementor-container elementor-column-gap-extended\">\n\t\t\t\t\t<div class=\"elementor-column elementor-col-100 elementor-inner-column elementor-element elementor-element-2f6cb76\" data-id=\"2f6cb76\" data-element_type=\"column\">\n\t\t\t<div class=\"elementor-widget-wrap elementor-element-populated\">\n\t\t\t\t\t\t<div class=\"elementor-element elementor-element-0848a63 elementor-widget elementor-widget-apus_element_features_box\" data-id=\"0848a63\" data-element_type=\"widget\" data-widget_type=\"apus_element_features_box.default\">\n\t\t\t\t<div class=\"elementor-widget-container\">\n\t\t\t            <div class=\"widget-features-box  center\">\n                  \n                    <div class=\"row\">\n                                                    <div class=\"item col-xl-3 col-md-6 col-12\">\n                                <div class=\"item-inner-features style1\">\n                                    <div class=\"top-inner\">\n                                                                                <div class=\"features-box-image d-inline-flex align-items-center justify-content-center icon\"><i class=\"ti-world\"><\/i><\/div><\/div><div class=\"features-box-content\"><h3 class=\"title\">TV ET WIFI<\/h3><div class=\"description\">TV et acc\u00e8s rapide \u00e0 l'internet.<\/div><\/div>\n                                <\/div>\n                            <\/div>\n                                                    <div class=\"item col-xl-3 col-md-6 col-12\">\n                                <div class=\"item-inner-features style1\">\n                                    <div class=\"top-inner\">\n                                                                                <div class=\"features-box-image d-inline-flex align-items-center justify-content-center icon\"><i class=\"flaticon-leaf\"><\/i><\/div><\/div><div class=\"features-box-content\"><h3 class=\"title\">CLIMATISATION<\/h3><div class=\"description\">Pour votre confort.<\/div><\/div>\n                                <\/div>\n                            <\/div>\n                                                    <div class=\"item col-xl-3 col-md-6 col-12\">\n                                <div class=\"item-inner-features style1\">\n                                    <div class=\"top-inner\">\n                                                                                <div class=\"features-box-image d-inline-flex align-items-center justify-content-center icon\"><i class=\"fa fa-bath\"><\/i><\/div><\/div><div class=\"features-box-content\"><h3 class=\"title\">WC PRIV\u00c9<\/h3><div class=\"description\">Profitez de l'intimit\u00e9 et du luxe.<\/div><\/div>\n                                <\/div>\n                            <\/div>\n                                                    <div class=\"item col-xl-3 col-md-6 col-12\">\n                                <div class=\"item-inner-features style1\">\n                                    <div class=\"top-inner\">\n                                                                                <div class=\"features-box-image d-inline-flex align-items-center justify-content-center icon\"><i class=\"ti-light-bulb\"><\/i><\/div><\/div><div class=\"features-box-content\"><h3 class=\"title\">R\u00c9GULATEUR DE LUMI\u00c8RE<\/h3><div class=\"description\">Variateur.<\/div><\/div>\n                                <\/div>\n                            <\/div>\n                                            <\/div>\n                            <\/div>\n            \t\t<\/div>\n\t\t\t\t<\/div>\n\t\t\t\t\t<\/div>\n\t\t<\/div>\n\t\t\t\t\t<\/div>\n\t\t<\/section>\n\t\t\t\t\t<\/div>\n\t\t<\/div>\n\t\t\t\t\t<\/div>\n\t\t<\/section>\n\t\t\t\t<\/div>","protected":false},"excerpt":{"rendered":"<p>Ant\u00f3nio Macedo Projetado pelo renomado pintor Ant\u00f3nio Macedo, o quarto revela o car\u00e1ter e vis\u00e3o art\u00edstica do mestre, combinando serenidade neutral com cor e apontamentos minuciosos que capturam a sua ess\u00eancia criativa. Com vista para o castelo de Santa Maria da Feira, este quarto oferece uma fus\u00e3o perfeita entre eleg\u00e2ncia e inspira\u00e7\u00e3o art\u00edstica, proporcionando um [&hellip;]<\/p>\n","protected":false},"author":1,"featured_media":11727,"template":"","class_list":["post-5092","apartment","type-apartment","status-publish","has-post-thumbnail","hentry"],"_links":{"self":[{"href":"https:\/\/zenandart.pt\/fr\/wp-json\/wp\/v2\/apartment\/5092","targetHints":{"allow":["GET"]}}],"collection":[{"href":"https:\/\/zenandart.pt\/fr\/wp-json\/wp\/v2\/apartment"}],"about":[{"href":"https:\/\/zenandart.pt\/fr\/wp-json\/wp\/v2\/types\/apartment"}],"author":[{"embeddable":true,"href":"https:\/\/zenandart.pt\/fr\/wp-json\/wp\/v2\/users\/1"}],"version-history":[{"count":17,"href":"https:\/\/zenandart.pt\/fr\/wp-json\/wp\/v2\/apartment\/5092\/revisions"}],"predecessor-version":[{"id":13069,"href":"https:\/\/zenandart.pt\/fr\/wp-json\/wp\/v2\/apartment\/5092\/revisions\/13069"}],"wp:featuredmedia":[{"embeddable":true,"href":"https:\/\/zenandart.pt\/fr\/wp-json\/wp\/v2\/media\/11727"}],"wp:attachment":[{"href":"https:\/\/zenandart.pt\/fr\/wp-json\/wp\/v2\/media?parent=5092"}],"curies":[{"name":"wp","href":"https:\/\/api.w.org\/{rel}","templated":true}]}}