{"id":5241,"date":"2024-07-23T14:31:25","date_gmt":"2024-07-23T13:31:25","guid":{"rendered":"https:\/\/zenandart.pt\/?page_id=5241"},"modified":"2025-12-01T19:35:37","modified_gmt":"2025-12-01T19:35:37","slug":"faq","status":"publish","type":"page","link":"https:\/\/zenandart.pt\/en\/faq\/","title":{"rendered":"FAQ"},"content":{"rendered":"<div data-elementor-type=\"wp-page\" data-elementor-id=\"5241\" class=\"elementor elementor-5241\">\n\t\t\t\t\t\t<section class=\"elementor-section elementor-top-section elementor-element elementor-element-e3c4e3f elementor-section-stretched elementor-section-boxed elementor-section-height-default elementor-section-height-default\" data-id=\"e3c4e3f\" data-element_type=\"section\" data-settings='{\"stretch_section\":\"section-stretched\"}'>\n\t\t\t\t\t\t<div class=\"elementor-container elementor-column-gap-extended\">\n\t\t\t\t\t<div class=\"elementor-column elementor-col-100 elementor-top-column elementor-element elementor-element-ea5328a\" data-id=\"ea5328a\" data-element_type=\"column\">\n\t\t\t<div class=\"elementor-widget-wrap elementor-element-populated\">\n\t\t\t\t\t\t<div class=\"elementor-element elementor-element-78a77da elementor-invisible elementor-widget elementor-widget-heading\" data-id=\"78a77da\" data-element_type=\"widget\" data-settings='{\"_animation\":\"slide-up\"}' data-widget_type=\"heading.default\">\n\t\t\t\t<div class=\"elementor-widget-container\">\n\t\t\t<h1 class=\"elementor-heading-title elementor-size-default translation-block\"><span class=\"text-theme\">FREQUENT<\/span> QUESTIONS<\/h1>\t\t<\/div>\n\t\t\t\t<\/div>\n\t\t\t\t<div class=\"elementor-element elementor-element-8cf3063 elementor-widget__width-initial elementor-invisible elementor-widget elementor-widget-accordion\" data-id=\"8cf3063\" data-element_type=\"widget\" data-settings='{\"_animation\":\"slide-up\"}' data-widget_type=\"accordion.default\">\n\t\t\t\t<div class=\"elementor-widget-container\">\n\t\t\t\t\t<div class=\"elementor-accordion\">\n\t\t\t\t\t\t\t<div class=\"elementor-accordion-item\">\n\t\t\t\t\t<div id=\"elementor-tab-title-1471\" class=\"elementor-tab-title\" data-tab=\"1\" role=\"button\" aria-controls=\"elementor-tab-content-1471\" aria-expanded=\"false\">\n\t\t\t\t\t\t\t\t\t\t\t\t\t<span class=\"elementor-accordion-icon elementor-accordion-icon-right\" aria-hidden=\"true\">\n\t\t\t\t\t\t\t\t\t\t\t\t\t\t\t<span class=\"elementor-accordion-icon-closed\"><svg xmlns=\"http:\/\/www.w3.org\/2000\/svg\" width=\"28\" height=\"28\" viewbox=\"0 0 28 28\" fill=\"none\"><circle cx=\"14\" cy=\"14\" r=\"13.5\" stroke=\"#C29F7B\"><\/circle><path d=\"M9 13.5H19V14.5H9V13.5Z\" fill=\"#C29F7B\"><\/path><path d=\"M13.5 19L13.5 9L14.5 9L14.5 19H13.5Z\" fill=\"#C29F7B\"><\/path><\/svg><\/span>\n\t\t\t\t\t\t\t\t<span class=\"elementor-accordion-icon-opened\"><svg xmlns=\"http:\/\/www.w3.org\/2000\/svg\" width=\"28\" height=\"28\" viewbox=\"0 0 28 28\" fill=\"none\"><circle cx=\"14\" cy=\"14\" r=\"13.5\" stroke=\"#C29F7B\"><\/circle><path d=\"M9 13.5H19V14.5H9V13.5Z\" fill=\"#C29F7B\"><\/path><\/svg><\/span>\n\t\t\t\t\t\t\t\t\t\t\t\t\t\t<\/span>\n\t\t\t\t\t\t\t\t\t\t\t\t<a class=\"elementor-accordion-title\" tabindex=\"0\" data-umami-event=\"link:1. Onde fica localizado o Zen &amp; Art?\" href=\"javascript:void(0)\">1. Where is Zen &amp; Art located?<\/a>\n\t\t\t\t\t<\/div>\n\t\t\t\t\t<div id=\"elementor-tab-content-1471\" class=\"elementor-tab-content elementor-clearfix\" data-tab=\"1\" role=\"region\" aria-labelledby=\"elementor-tab-title-1471\"><p>Accommodation Zen &amp; Art is located in Santa Maria da Feira, Portugal, close to the city centre, less than 1 km from the Castle and 6 km from Europarque.<\/p><p>The city of Porto and the Douro River are 30 kilometres away and Francisco S\u00e1 Carneiro Airport is 45 kilometres away. Espinho beach is 15 km away. Ideal for those looking to book a room in a local accommodation or hotel in Santa Maria da Feira near Europarque, Vila Nova de Gaia and Porto.<\/p><\/div>\n\t\t\t\t<\/div>\n\t\t\t\t\t\t\t<div class=\"elementor-accordion-item\">\n\t\t\t\t\t<div id=\"elementor-tab-title-1472\" class=\"elementor-tab-title\" data-tab=\"2\" role=\"button\" aria-controls=\"elementor-tab-content-1472\" aria-expanded=\"false\">\n\t\t\t\t\t\t\t\t\t\t\t\t\t<span class=\"elementor-accordion-icon elementor-accordion-icon-right\" aria-hidden=\"true\">\n\t\t\t\t\t\t\t\t\t\t\t\t\t\t\t<span class=\"elementor-accordion-icon-closed\"><svg xmlns=\"http:\/\/www.w3.org\/2000\/svg\" width=\"28\" height=\"28\" viewbox=\"0 0 28 28\" fill=\"none\"><circle cx=\"14\" cy=\"14\" r=\"13.5\" stroke=\"#C29F7B\"><\/circle><path d=\"M9 13.5H19V14.5H9V13.5Z\" fill=\"#C29F7B\"><\/path><path d=\"M13.5 19L13.5 9L14.5 9L14.5 19H13.5Z\" fill=\"#C29F7B\"><\/path><\/svg><\/span>\n\t\t\t\t\t\t\t\t<span class=\"elementor-accordion-icon-opened\"><svg xmlns=\"http:\/\/www.w3.org\/2000\/svg\" width=\"28\" height=\"28\" viewbox=\"0 0 28 28\" fill=\"none\"><circle cx=\"14\" cy=\"14\" r=\"13.5\" stroke=\"#C29F7B\"><\/circle><path d=\"M9 13.5H19V14.5H9V13.5Z\" fill=\"#C29F7B\"><\/path><\/svg><\/span>\n\t\t\t\t\t\t\t\t\t\t\t\t\t\t<\/span>\n\t\t\t\t\t\t\t\t\t\t\t\t<a class=\"elementor-accordion-title\" tabindex=\"0\" data-umami-event=\"link:2. Diferen\u00e7a entre as tarifas Standard, Flex\u00edvel e N\u00e3o Reembols\u00e1vel?\" href=\"javascript:void(0)\">2. Difference between Standard, Flexible and Non-Refundable rates?<\/a>\n\t\t\t\t\t<\/div>\n\t\t\t\t\t<div id=\"elementor-tab-content-1472\" class=\"elementor-tab-content elementor-clearfix\" data-tab=\"2\" role=\"region\" aria-labelledby=\"elementor-tab-title-1472\"><p><strong>Standard: <\/strong>Free cancellation up to 7 days before arrival. After this period, the full amount of the reservation will be charged in the event of cancellation or no-show. Implies prepayment of the full amount of the reservation at the time of confirmation.<\/p><p><strong>Non-refundable: <\/strong>No refund in the event of cancellation, modification or no-show. The full amount of the booking must be prepaid at the time of confirmation.<\/p><p><strong>Flexible: <\/strong>Cancellation is free of charge up to 24 hours before arrival. After this time, the full amount of the reservation will be charged in the event of cancellation or no-show. No pre-payment is required to confirm the booking. Payment can be made online or paid at check-in on arrival.<\/p><p>To open the online booking page, <span style=\"text-decoration: underline;\"><strong><a href=\"https:\/\/booking.roomraccoon.pt\/zen-and-art\/en\/\" rel=\"noopener\" data-umami-event=\"link:clique aqui\" data-umami-event-url=\"https:\/\/booking.roomraccoon.pt\/zen-and-art\/\">click here<\/a><\/strong><\/span>.<\/p><\/div>\n\t\t\t\t<\/div>\n\t\t\t\t\t\t\t<div class=\"elementor-accordion-item\">\n\t\t\t\t\t<div id=\"elementor-tab-title-1473\" class=\"elementor-tab-title\" data-tab=\"3\" role=\"button\" aria-controls=\"elementor-tab-content-1473\" aria-expanded=\"false\">\n\t\t\t\t\t\t\t\t\t\t\t\t\t<span class=\"elementor-accordion-icon elementor-accordion-icon-right\" aria-hidden=\"true\">\n\t\t\t\t\t\t\t\t\t\t\t\t\t\t\t<span class=\"elementor-accordion-icon-closed\"><svg xmlns=\"http:\/\/www.w3.org\/2000\/svg\" width=\"28\" height=\"28\" viewbox=\"0 0 28 28\" fill=\"none\"><circle cx=\"14\" cy=\"14\" r=\"13.5\" stroke=\"#C29F7B\"><\/circle><path d=\"M9 13.5H19V14.5H9V13.5Z\" fill=\"#C29F7B\"><\/path><path d=\"M13.5 19L13.5 9L14.5 9L14.5 19H13.5Z\" fill=\"#C29F7B\"><\/path><\/svg><\/span>\n\t\t\t\t\t\t\t\t<span class=\"elementor-accordion-icon-opened\"><svg xmlns=\"http:\/\/www.w3.org\/2000\/svg\" width=\"28\" height=\"28\" viewbox=\"0 0 28 28\" fill=\"none\"><circle cx=\"14\" cy=\"14\" r=\"13.5\" stroke=\"#C29F7B\"><\/circle><path d=\"M9 13.5H19V14.5H9V13.5Z\" fill=\"#C29F7B\"><\/path><\/svg><\/span>\n\t\t\t\t\t\t\t\t\t\t\t\t\t\t<\/span>\n\t\t\t\t\t\t\t\t\t\t\t\t<a class=\"elementor-accordion-title\" tabindex=\"0\" data-umami-event=\"link:3. Hor\u00e1rio de check-in e check-out?\" href=\"javascript:void(0)\">3. Check-in and check-out times?<\/a>\n\t\t\t\t\t<\/div>\n\t\t\t\t\t<div id=\"elementor-tab-content-1473\" class=\"elementor-tab-content elementor-clearfix\" data-tab=\"3\" role=\"region\" aria-labelledby=\"elementor-tab-title-1473\"><p>Check-in is available between 3pm and 6pm, and check-out must be done between 9am and 12pm.<\/p><\/div>\n\t\t\t\t<\/div>\n\t\t\t\t\t\t\t<div class=\"elementor-accordion-item\">\n\t\t\t\t\t<div id=\"elementor-tab-title-1474\" class=\"elementor-tab-title\" data-tab=\"4\" role=\"button\" aria-controls=\"elementor-tab-content-1474\" aria-expanded=\"false\">\n\t\t\t\t\t\t\t\t\t\t\t\t\t<span class=\"elementor-accordion-icon elementor-accordion-icon-right\" aria-hidden=\"true\">\n\t\t\t\t\t\t\t\t\t\t\t\t\t\t\t<span class=\"elementor-accordion-icon-closed\"><svg xmlns=\"http:\/\/www.w3.org\/2000\/svg\" width=\"28\" height=\"28\" viewbox=\"0 0 28 28\" fill=\"none\"><circle cx=\"14\" cy=\"14\" r=\"13.5\" stroke=\"#C29F7B\"><\/circle><path d=\"M9 13.5H19V14.5H9V13.5Z\" fill=\"#C29F7B\"><\/path><path d=\"M13.5 19L13.5 9L14.5 9L14.5 19H13.5Z\" fill=\"#C29F7B\"><\/path><\/svg><\/span>\n\t\t\t\t\t\t\t\t<span class=\"elementor-accordion-icon-opened\"><svg xmlns=\"http:\/\/www.w3.org\/2000\/svg\" width=\"28\" height=\"28\" viewbox=\"0 0 28 28\" fill=\"none\"><circle cx=\"14\" cy=\"14\" r=\"13.5\" stroke=\"#C29F7B\"><\/circle><path d=\"M9 13.5H19V14.5H9V13.5Z\" fill=\"#C29F7B\"><\/path><\/svg><\/span>\n\t\t\t\t\t\t\t\t\t\t\t\t\t\t<\/span>\n\t\t\t\t\t\t\t\t\t\t\t\t<a class=\"elementor-accordion-title\" tabindex=\"0\" data-umami-event=\"link:4. Condi\u00e7\u00f5es e ber\u00e7os para crian\u00e7as\" href=\"javascript:void(0)\">4. Conditions and cots for children<\/a>\n\t\t\t\t\t<\/div>\n\t\t\t\t\t<div id=\"elementor-tab-content-1474\" class=\"elementor-tab-content elementor-clearfix\" data-tab=\"4\" role=\"region\" aria-labelledby=\"elementor-tab-title-1474\"><p>All children are welcome!<\/p><p>To see prices and occupancy information, add the number of children and their ages to your search. For children from 0 to 3 years old we have cots available (on request) at a cost of \u20ac30 per night. Cots are not included in the total price of the booking and must be paid for separately during your stay.<\/p><\/div>\n\t\t\t\t<\/div>\n\t\t\t\t\t\t\t<div class=\"elementor-accordion-item\">\n\t\t\t\t\t<div id=\"elementor-tab-title-1475\" class=\"elementor-tab-title\" data-tab=\"5\" role=\"button\" aria-controls=\"elementor-tab-content-1475\" aria-expanded=\"false\">\n\t\t\t\t\t\t\t\t\t\t\t\t\t<span class=\"elementor-accordion-icon elementor-accordion-icon-right\" aria-hidden=\"true\">\n\t\t\t\t\t\t\t\t\t\t\t\t\t\t\t<span class=\"elementor-accordion-icon-closed\"><svg xmlns=\"http:\/\/www.w3.org\/2000\/svg\" width=\"28\" height=\"28\" viewbox=\"0 0 28 28\" fill=\"none\"><circle cx=\"14\" cy=\"14\" r=\"13.5\" stroke=\"#C29F7B\"><\/circle><path d=\"M9 13.5H19V14.5H9V13.5Z\" fill=\"#C29F7B\"><\/path><path d=\"M13.5 19L13.5 9L14.5 9L14.5 19H13.5Z\" fill=\"#C29F7B\"><\/path><\/svg><\/span>\n\t\t\t\t\t\t\t\t<span class=\"elementor-accordion-icon-opened\"><svg xmlns=\"http:\/\/www.w3.org\/2000\/svg\" width=\"28\" height=\"28\" viewbox=\"0 0 28 28\" fill=\"none\"><circle cx=\"14\" cy=\"14\" r=\"13.5\" stroke=\"#C29F7B\"><\/circle><path d=\"M9 13.5H19V14.5H9V13.5Z\" fill=\"#C29F7B\"><\/path><\/svg><\/span>\n\t\t\t\t\t\t\t\t\t\t\t\t\t\t<\/span>\n\t\t\t\t\t\t\t\t\t\t\t\t<a class=\"elementor-accordion-title\" tabindex=\"0\" data-umami-event=\"link:5. Como posso reservar um quarto?\" href=\"javascript:void(0)\">5. How can I book a room?<\/a>\n\t\t\t\t\t<\/div>\n\t\t\t\t\t<div id=\"elementor-tab-content-1475\" class=\"elementor-tab-content elementor-clearfix\" data-tab=\"5\" role=\"region\" aria-labelledby=\"elementor-tab-title-1475\"><p>You can book online <span style=\"text-decoration: underline;\"><strong><a href=\"https:\/\/booking.roomraccoon.pt\/zen-and-art\/en\/\" rel=\"noopener\" data-umami-event=\"link:clicando aqui\" data-umami-event-url=\"https:\/\/booking.roomraccoon.pt\/zen-and-art\/\">by clicking here<\/a><\/strong><\/span>via telephone <a href=\"tel:+351968417877\" data-umami-event=\"link:+351 968 417 877\" data-umami-event-url=\"tel:+351968417877\">+351 968 417 877<\/a>, <a href=\"https:\/\/wa.me\/351968417877\" target=\"_blank\" rel=\"noopener\" data-umami-event=\"link:WhatsApp\" data-umami-event-url=\"https:\/\/wa.me\/351968417877\">WhatsApp<\/a> or at <a href=\"https:\/\/www.booking.com\/hotel\/pt\/zen-amp-art-casa-da-lavandeira\" target=\"_blank\" rel=\"noopener\" data-umami-event=\"link:Booking.com\" data-umami-event-url=\"https:\/\/www.booking.com\/hotel\/pt\/zen-amp-art-casa-da-lavandeira\">Booking.com<\/a>.<\/p><\/div>\n\t\t\t\t<\/div>\n\t\t\t\t\t\t\t<div class=\"elementor-accordion-item\">\n\t\t\t\t\t<div id=\"elementor-tab-title-1476\" class=\"elementor-tab-title\" data-tab=\"6\" role=\"button\" aria-controls=\"elementor-tab-content-1476\" aria-expanded=\"false\">\n\t\t\t\t\t\t\t\t\t\t\t\t\t<span class=\"elementor-accordion-icon elementor-accordion-icon-right\" aria-hidden=\"true\">\n\t\t\t\t\t\t\t\t\t\t\t\t\t\t\t<span class=\"elementor-accordion-icon-closed\"><svg xmlns=\"http:\/\/www.w3.org\/2000\/svg\" width=\"28\" height=\"28\" viewbox=\"0 0 28 28\" fill=\"none\"><circle cx=\"14\" cy=\"14\" r=\"13.5\" stroke=\"#C29F7B\"><\/circle><path d=\"M9 13.5H19V14.5H9V13.5Z\" fill=\"#C29F7B\"><\/path><path d=\"M13.5 19L13.5 9L14.5 9L14.5 19H13.5Z\" fill=\"#C29F7B\"><\/path><\/svg><\/span>\n\t\t\t\t\t\t\t\t<span class=\"elementor-accordion-icon-opened\"><svg xmlns=\"http:\/\/www.w3.org\/2000\/svg\" width=\"28\" height=\"28\" viewbox=\"0 0 28 28\" fill=\"none\"><circle cx=\"14\" cy=\"14\" r=\"13.5\" stroke=\"#C29F7B\"><\/circle><path d=\"M9 13.5H19V14.5H9V13.5Z\" fill=\"#C29F7B\"><\/path><\/svg><\/span>\n\t\t\t\t\t\t\t\t\t\t\t\t\t\t<\/span>\n\t\t\t\t\t\t\t\t\t\t\t\t<a class=\"elementor-accordion-title\" tabindex=\"0\" data-umami-event=\"link:6. Servem pequeno-almo\u00e7o?\" href=\"javascript:void(0)\">6. Do you serve breakfast?<\/a>\n\t\t\t\t\t<\/div>\n\t\t\t\t\t<div id=\"elementor-tab-content-1476\" class=\"elementor-tab-content elementor-clearfix\" data-tab=\"6\" role=\"region\" aria-labelledby=\"elementor-tab-title-1476\"><p>Yes, breakfast is included in all bookings. We serve breakfast prepared with fresh local produce to get your day off to the best start.<\/p><\/div>\n\t\t\t\t<\/div>\n\t\t\t\t\t\t\t<div class=\"elementor-accordion-item\">\n\t\t\t\t\t<div id=\"elementor-tab-title-1477\" class=\"elementor-tab-title\" data-tab=\"7\" role=\"button\" aria-controls=\"elementor-tab-content-1477\" aria-expanded=\"false\">\n\t\t\t\t\t\t\t\t\t\t\t\t\t<span class=\"elementor-accordion-icon elementor-accordion-icon-right\" aria-hidden=\"true\">\n\t\t\t\t\t\t\t\t\t\t\t\t\t\t\t<span class=\"elementor-accordion-icon-closed\"><svg xmlns=\"http:\/\/www.w3.org\/2000\/svg\" width=\"28\" height=\"28\" viewbox=\"0 0 28 28\" fill=\"none\"><circle cx=\"14\" cy=\"14\" r=\"13.5\" stroke=\"#C29F7B\"><\/circle><path d=\"M9 13.5H19V14.5H9V13.5Z\" fill=\"#C29F7B\"><\/path><path d=\"M13.5 19L13.5 9L14.5 9L14.5 19H13.5Z\" fill=\"#C29F7B\"><\/path><\/svg><\/span>\n\t\t\t\t\t\t\t\t<span class=\"elementor-accordion-icon-opened\"><svg xmlns=\"http:\/\/www.w3.org\/2000\/svg\" width=\"28\" height=\"28\" viewbox=\"0 0 28 28\" fill=\"none\"><circle cx=\"14\" cy=\"14\" r=\"13.5\" stroke=\"#C29F7B\"><\/circle><path d=\"M9 13.5H19V14.5H9V13.5Z\" fill=\"#C29F7B\"><\/path><\/svg><\/span>\n\t\t\t\t\t\t\t\t\t\t\t\t\t\t<\/span>\n\t\t\t\t\t\t\t\t\t\t\t\t<a class=\"elementor-accordion-title\" tabindex=\"0\" data-umami-event=\"link:7. H\u00e1 estacionamento dispon\u00edvel no local?\" href=\"javascript:void(0)\">7. Is there a car park available on site?<\/a>\n\t\t\t\t\t<\/div>\n\t\t\t\t\t<div id=\"elementor-tab-content-1477\" class=\"elementor-tab-content elementor-clearfix\" data-tab=\"7\" role=\"region\" aria-labelledby=\"elementor-tab-title-1477\"><p>Yes. Zen &amp; Art offers free private parking for guests' vehicles.<\/p><\/div>\n\t\t\t\t<\/div>\n\t\t\t\t\t\t\t<div class=\"elementor-accordion-item\">\n\t\t\t\t\t<div id=\"elementor-tab-title-1478\" class=\"elementor-tab-title\" data-tab=\"8\" role=\"button\" aria-controls=\"elementor-tab-content-1478\" aria-expanded=\"false\">\n\t\t\t\t\t\t\t\t\t\t\t\t\t<span class=\"elementor-accordion-icon elementor-accordion-icon-right\" aria-hidden=\"true\">\n\t\t\t\t\t\t\t\t\t\t\t\t\t\t\t<span class=\"elementor-accordion-icon-closed\"><svg xmlns=\"http:\/\/www.w3.org\/2000\/svg\" width=\"28\" height=\"28\" viewbox=\"0 0 28 28\" fill=\"none\"><circle cx=\"14\" cy=\"14\" r=\"13.5\" stroke=\"#C29F7B\"><\/circle><path d=\"M9 13.5H19V14.5H9V13.5Z\" fill=\"#C29F7B\"><\/path><path d=\"M13.5 19L13.5 9L14.5 9L14.5 19H13.5Z\" fill=\"#C29F7B\"><\/path><\/svg><\/span>\n\t\t\t\t\t\t\t\t<span class=\"elementor-accordion-icon-opened\"><svg xmlns=\"http:\/\/www.w3.org\/2000\/svg\" width=\"28\" height=\"28\" viewbox=\"0 0 28 28\" fill=\"none\"><circle cx=\"14\" cy=\"14\" r=\"13.5\" stroke=\"#C29F7B\"><\/circle><path d=\"M9 13.5H19V14.5H9V13.5Z\" fill=\"#C29F7B\"><\/path><\/svg><\/span>\n\t\t\t\t\t\t\t\t\t\t\t\t\t\t<\/span>\n\t\t\t\t\t\t\t\t\t\t\t\t<a class=\"elementor-accordion-title\" tabindex=\"0\" data-umami-event=\"link:8. O alojamento oferece servi\u00e7os adicionais?\" href=\"javascript:void(0)\">8. Does the accommodation offer additional services?<\/a>\n\t\t\t\t\t<\/div>\n\t\t\t\t\t<div id=\"elementor-tab-content-1478\" class=\"elementor-tab-content elementor-clearfix\" data-tab=\"8\" role=\"region\" aria-labelledby=\"elementor-tab-title-1478\"><p>Yes. All rooms include access to all amenities and common areas: private car park, bar, outdoor pool, jacuzzi, terrace, indoor and outdoor fireplace, reading room, among others.<\/p><p>Personalised services such as yoga, massages, dinners, visits to artists' studios, recommendations for local excursions, booking activities and more are available on the website. <span style=\"text-decoration: underline;\"><a href=\"\/en\/services\/\" data-umami-event=\"link:Servi\u00e7os\" data-umami-event-url=\"\/servicos\/\">Services<\/a><\/span><\/p><\/div>\n\t\t\t\t<\/div>\n\t\t\t\t\t\t\t<div class=\"elementor-accordion-item\">\n\t\t\t\t\t<div id=\"elementor-tab-title-1479\" class=\"elementor-tab-title\" data-tab=\"9\" role=\"button\" aria-controls=\"elementor-tab-content-1479\" aria-expanded=\"false\">\n\t\t\t\t\t\t\t\t\t\t\t\t\t<span class=\"elementor-accordion-icon elementor-accordion-icon-right\" aria-hidden=\"true\">\n\t\t\t\t\t\t\t\t\t\t\t\t\t\t\t<span class=\"elementor-accordion-icon-closed\"><svg xmlns=\"http:\/\/www.w3.org\/2000\/svg\" width=\"28\" height=\"28\" viewbox=\"0 0 28 28\" fill=\"none\"><circle cx=\"14\" cy=\"14\" r=\"13.5\" stroke=\"#C29F7B\"><\/circle><path d=\"M9 13.5H19V14.5H9V13.5Z\" fill=\"#C29F7B\"><\/path><path d=\"M13.5 19L13.5 9L14.5 9L14.5 19H13.5Z\" fill=\"#C29F7B\"><\/path><\/svg><\/span>\n\t\t\t\t\t\t\t\t<span class=\"elementor-accordion-icon-opened\"><svg xmlns=\"http:\/\/www.w3.org\/2000\/svg\" width=\"28\" height=\"28\" viewbox=\"0 0 28 28\" fill=\"none\"><circle cx=\"14\" cy=\"14\" r=\"13.5\" stroke=\"#C29F7B\"><\/circle><path d=\"M9 13.5H19V14.5H9V13.5Z\" fill=\"#C29F7B\"><\/path><\/svg><\/span>\n\t\t\t\t\t\t\t\t\t\t\t\t\t\t<\/span>\n\t\t\t\t\t\t\t\t\t\t\t\t<a class=\"elementor-accordion-title\" tabindex=\"0\" data-umami-event=\"link:9. Realizam jantares e eventos de grupo personalizados?\" href=\"javascript:void(0)\">9. Do you hold personalised dinners and group events?<\/a>\n\t\t\t\t\t<\/div>\n\t\t\t\t\t<div id=\"elementor-tab-content-1479\" class=\"elementor-tab-content elementor-clearfix\" data-tab=\"9\" role=\"region\" aria-labelledby=\"elementor-tab-title-1479\"><p>Yes. We are available to offer personalised dinners and events for groups. Whether for a christening, wedding, corporate event or group of friends. Get in touch <span style=\"text-decoration: underline;\"><a href=\"\/en\/contacts\/\" data-umami-event=\"link:contacto\" data-umami-event-url=\"\/contactos\/\">contact<\/a><\/span> to find out more.<\/p><\/div>\n\t\t\t\t<\/div>\n\t\t\t\t\t\t\t\t<\/div>\n\t\t\t\t<\/div>\n\t\t\t\t<\/div>\n\t\t\t\t<div class=\"elementor-element elementor-element-2e9ce8e elementor-widget elementor-widget-spacer\" data-id=\"2e9ce8e\" data-element_type=\"widget\" data-widget_type=\"spacer.default\">\n\t\t\t\t<div class=\"elementor-widget-container\">\n\t\t\t\t\t<div class=\"elementor-spacer\">\n\t\t\t<div class=\"elementor-spacer-inner\"><\/div>\n\t\t<\/div>\n\t\t\t\t<\/div>\n\t\t\t\t<\/div>\n\t\t\t\t\t<\/div>\n\t\t<\/div>\n\t\t\t\t\t<\/div>\n\t\t<\/section>\n\t\t\t\t<\/div>","protected":false},"excerpt":{"rendered":"<p>PERGUNTAS FREQUENTES 1. Onde fica localizado o Zen &amp; Art? O alojamento Zen &amp; Art est\u00e1 localizado em Santa Maria da Feira, Portugal, perto do centro da cidade, a menos de 1 km do Castelo e a 6 km do Europarque. A cidade do Porto e Rio Douro ficam a 30km e o Aeroporto Francisco [&hellip;]<\/p>\n","protected":false},"author":1,"featured_media":0,"parent":0,"menu_order":0,"comment_status":"closed","ping_status":"closed","template":"","meta":{"inline_featured_image":false,"footnotes":""},"class_list":["post-5241","page","type-page","status-publish","hentry"],"_links":{"self":[{"href":"https:\/\/zenandart.pt\/en\/wp-json\/wp\/v2\/pages\/5241","targetHints":{"allow":["GET"]}}],"collection":[{"href":"https:\/\/zenandart.pt\/en\/wp-json\/wp\/v2\/pages"}],"about":[{"href":"https:\/\/zenandart.pt\/en\/wp-json\/wp\/v2\/types\/page"}],"author":[{"embeddable":true,"href":"https:\/\/zenandart.pt\/en\/wp-json\/wp\/v2\/users\/1"}],"replies":[{"embeddable":true,"href":"https:\/\/zenandart.pt\/en\/wp-json\/wp\/v2\/comments?post=5241"}],"version-history":[{"count":10,"href":"https:\/\/zenandart.pt\/en\/wp-json\/wp\/v2\/pages\/5241\/revisions"}],"predecessor-version":[{"id":12690,"href":"https:\/\/zenandart.pt\/en\/wp-json\/wp\/v2\/pages\/5241\/revisions\/12690"}],"wp:attachment":[{"href":"https:\/\/zenandart.pt\/en\/wp-json\/wp\/v2\/media?parent=5241"}],"curies":[{"name":"wp","href":"https:\/\/api.w.org\/{rel}","templated":true}]}}